{"id":54,"date":"2023-12-14T17:54:12","date_gmt":"2023-12-14T17:54:12","guid":{"rendered":"https:\/\/harmonie-le-bien-etre.ch\/?page_id=54"},"modified":"2026-03-23T10:39:46","modified_gmt":"2026-03-23T10:39:46","slug":"agenda-2024-cours-et-ateliers","status":"publish","type":"page","link":"https:\/\/harmonie-le-bien-etre.ch\/index.php\/agenda-2024-cours-et-ateliers\/","title":{"rendered":"AGENDA 2026 COURS ET ATELIERS"},"content":{"rendered":"\n<h2 class=\"wp-block-heading\"><strong>CONSTELLATION FAMILIALE<\/strong><\/h2>\n\n\n\n<h2 class=\"wp-block-heading\">Avec Patricia Derivaz les derniers Samedis du mois de 9h \u00e0 17h<\/h2>\n\n\n\n<p class=\"wp-block-paragraph\"><\/p>\n\n\n\n<p class=\"wp-block-paragraph\">CLIENTS 100.- 6 PLACES SUR RESERVATIONS <\/p>\n\n\n\n<p class=\"wp-block-paragraph\">REPRESENTANT 60.- 4 PLACES SUR RESERVATIONS<\/p>\n\n\n\n<p class=\"wp-block-paragraph\">31 janvier <\/p>\n\n\n\n<p class=\"wp-block-paragraph\">28 f\u00e9vrier<\/p>\n\n\n\n<p class=\"wp-block-paragraph\">28 mars<\/p>\n\n\n\n<p class=\"wp-block-paragraph\">25 avril<\/p>\n\n\n\n<p class=\"wp-block-paragraph\">30 mai<\/p>\n\n\n\n<p class=\"wp-block-paragraph\">27 juin<\/p>\n\n\n\n<p class=\"wp-block-paragraph\">25 juillet<\/p>\n\n\n\n<p class=\"wp-block-paragraph\">26 septembre<\/p>\n\n\n\n<p class=\"wp-block-paragraph\">31 octobre<\/p>\n\n\n\n<p class=\"wp-block-paragraph\">28 novembre<\/p>\n\n\n\n<p class=\"wp-block-paragraph\"><\/p>\n\n\n\n<figure class=\"wp-block-image size-large\"><img loading=\"lazy\" decoding=\"async\" width=\"1024\" height=\"576\" src=\"https:\/\/harmonie-le-bien-etre.ch\/wp-content\/uploads\/2026\/03\/save-the-date_20260323_113130_0000-1024x576.jpg\" alt=\"\" class=\"wp-image-248\" srcset=\"https:\/\/harmonie-le-bien-etre.ch\/wp-content\/uploads\/2026\/03\/save-the-date_20260323_113130_0000-1024x576.jpg 1024w, https:\/\/harmonie-le-bien-etre.ch\/wp-content\/uploads\/2026\/03\/save-the-date_20260323_113130_0000-300x169.jpg 300w, https:\/\/harmonie-le-bien-etre.ch\/wp-content\/uploads\/2026\/03\/save-the-date_20260323_113130_0000-768x432.jpg 768w, https:\/\/harmonie-le-bien-etre.ch\/wp-content\/uploads\/2026\/03\/save-the-date_20260323_113130_0000-1536x864.jpg 1536w, https:\/\/harmonie-le-bien-etre.ch\/wp-content\/uploads\/2026\/03\/save-the-date_20260323_113130_0000.jpg 1920w\" sizes=\"auto, (max-width: 1024px) 100vw, 1024px\" \/><\/figure>\n\n\n\n<p class=\"wp-block-paragraph\"><\/p>\n\n\n\n<p class=\"wp-block-paragraph\"><\/p>\n\n\n\n<p class=\"wp-block-paragraph\"><\/p>\n\n\n\n<p class=\"wp-block-paragraph\"><\/p>\n\n\n\n<h2 class=\"wp-block-heading\">METHODE FELDENKRAIS<\/h2>\n\n\n\n<h2 class=\"wp-block-heading\">Avec Marion Mordasini les Dimanches de 10h \u00e0 12h<\/h2>\n\n\n\n<p class=\"wp-block-paragraph\"><\/p>\n\n\n\n<p class=\"wp-block-paragraph\">22 Mars<\/p>\n\n\n\n<p class=\"wp-block-paragraph\">31 Mai<\/p>\n\n\n\n<p class=\"wp-block-paragraph\">27 Septembre<\/p>\n\n\n\n<p class=\"wp-block-paragraph\">15 Novembre<\/p>\n\n\n\n<p class=\"wp-block-paragraph\"><\/p>\n\n\n\n<p class=\"wp-block-paragraph\">Qu&rsquo;est-ce donc ?<br>Un cours collectif de Feldenkrais est une s\u00e9ance de mouvements lents et doux, dirig\u00e9e verbalement et se d\u00e9roule principalement au sol. Cela permet de prendre conscience de notre propre organisation pour se lib\u00e9rer de nos habitudes limitantes et retrouver toute sa mobilit\u00e9.<\/p>\n\n\n\n<p class=\"wp-block-paragraph\">Cela permet \u00e0 quoi ?<br>Retrouver de la mobilit\u00e9 articulaire et musculaire, enlever les tensions et douleurs physiques, att\u00e9nuer votre stress et vos angoisses, \u00e9largir vos capacit\u00e9s, recharger les batteries, d\u00e9velopper votre cr\u00e9ativit\u00e9, gagner confiance en soi, avoir une meilleure image de soi et bien plus encore.<\/p>\n\n\n\n<p class=\"wp-block-paragraph\">Pour qui ?<\/p>\n\n\n\n<p class=\"wp-block-paragraph\">Pour toute personne, de 0 \u00e0 99 ans, souhaitant retrouver de la mobilit\u00e9 et de la libert\u00e9 dans son quotidien. Cette m\u00e9thode convient \u00e9galement apr\u00e8s un accident ou une intervention chirurgicale pour accompagner une r\u00e9habilitation. Elle peut aussi aider \u00e0 affiner des connections corporels lors de pratiques sportives ou artistiques.<\/p>\n\n\n\n<p class=\"wp-block-paragraph\">Prix :<\/p>\n\n\n\n<p class=\"wp-block-paragraph\">50.- CHF, la matin\u00e9e<\/p>\n\n\n\n<p class=\"wp-block-paragraph\">website :<\/p>\n\n\n\n<p class=\"wp-block-paragraph\"><a href=\"http:\/\/www.marionmordasini.com\">www.marionmordasini.com<\/a><\/p>\n\n\n\n<p class=\"wp-block-paragraph\"><strong>Inscription chez Marion Mordasini 079\/565.20.65<\/strong><\/p>\n\n\n\n<figure class=\"wp-block-gallery has-nested-images columns-default is-cropped wp-block-gallery-1 is-layout-flex wp-block-gallery-is-layout-flex\">\n<figure class=\"wp-block-image size-large\"><img loading=\"lazy\" decoding=\"async\" width=\"1024\" height=\"461\" data-id=\"183\" src=\"https:\/\/harmonie-le-bien-etre.ch\/wp-content\/uploads\/2024\/12\/felden--1024x461.jpg\" alt=\"\" class=\"wp-image-183\" srcset=\"https:\/\/harmonie-le-bien-etre.ch\/wp-content\/uploads\/2024\/12\/felden--1024x461.jpg 1024w, https:\/\/harmonie-le-bien-etre.ch\/wp-content\/uploads\/2024\/12\/felden--300x135.jpg 300w, https:\/\/harmonie-le-bien-etre.ch\/wp-content\/uploads\/2024\/12\/felden--768x346.jpg 768w, https:\/\/harmonie-le-bien-etre.ch\/wp-content\/uploads\/2024\/12\/felden-.jpg 1200w\" sizes=\"auto, (max-width: 1024px) 100vw, 1024px\" \/><\/figure>\n<\/figure>\n\n\n\n<h2 class=\"wp-block-heading\">ETRE QUI VOUS ETES<\/h2>\n\n\n\n<p class=\"wp-block-paragraph\"><strong>DATES  2026<\/strong><\/p>\n\n\n\n<p class=\"wp-block-paragraph\">Les jeudis soir de 19h30 \u00e0 21h<\/p>\n\n\n\n<p class=\"wp-block-paragraph\">29 janvier soir\u00e9e d&rsquo;information sur inscription<\/p>\n\n\n\n<p class=\"wp-block-paragraph\"><\/p>\n\n\n\n<p class=\"wp-block-paragraph\">26 f\u00e9vrier<\/p>\n\n\n\n<p class=\"wp-block-paragraph\">5 mars<\/p>\n\n\n\n<p class=\"wp-block-paragraph\">12 mars<\/p>\n\n\n\n<p class=\"wp-block-paragraph\">26 mars<\/p>\n\n\n\n<p class=\"wp-block-paragraph\">2 avril<\/p>\n\n\n\n<p class=\"wp-block-paragraph\">10 avril<\/p>\n\n\n\n<p class=\"wp-block-paragraph\">23 avril<\/p>\n\n\n\n<p class=\"wp-block-paragraph\">30 avril<\/p>\n\n\n\n<p class=\"wp-block-paragraph\">7 mai<\/p>\n\n\n\n<p class=\"wp-block-paragraph\">21 mai<\/p>\n\n\n\n<p class=\"wp-block-paragraph\"><\/p>\n\n\n\n<p class=\"wp-block-paragraph\"><strong>TARIF<\/strong>  : 500.- les 10 cours, payable en d\u00e9but de cours, Cash ou Twint<\/p>\n\n\n\n<p class=\"wp-block-paragraph\"><strong>LIEU <\/strong>:  Centre Harmonie &#8211; Chemin du Culat 15 &#8211; 1897 Le Bouveret<\/p>\n\n\n\n<p class=\"wp-block-paragraph\"><strong>SUR INSCRIPTION  <\/strong>: maximum 10 personnes et minimum 2 personnes au <strong>077\/403.45.89<\/strong><\/p>\n\n\n\n<p class=\"wp-block-paragraph\"><strong>FORMATRICES :<\/strong> Doris Caprara et Patricia Derivaz<\/p>\n\n\n\n<p class=\"wp-block-paragraph\"><\/p>\n\n\n\n<p class=\"wp-block-paragraph\"><strong>DEROULEMENT D&rsquo;UNE SOIREE TYPE :<\/strong><\/p>\n\n\n\n<p class=\"wp-block-paragraph\">Bienvenue<\/p>\n\n\n\n<p class=\"wp-block-paragraph\">Moment de th\u00e9orie<\/p>\n\n\n\n<p class=\"wp-block-paragraph\">Atelier de pratique autour de votre MAP ( Mental, Affect, Physical ) <\/p>\n\n\n\n<p class=\"wp-block-paragraph\">Atelier de pratique VAKOG ( Visuel, Auditif,Kinesth\u00e9sique, Olfactif,Gustatif )<\/p>\n\n\n\n<p class=\"wp-block-paragraph\">M\u00e9ditation ou autohypnose ou retour \u00e0 soi<\/p>\n\n\n\n<p class=\"wp-block-paragraph\">Des apprentissages d&rsquo;outils tr\u00e8s simples et efficaces  ( automassage, respiration, EFT tapotement, autohypnose, observation )<\/p>\n\n\n\n<p class=\"wp-block-paragraph\">Questions &#8211; R\u00e9ponses<\/p>\n\n\n\n<p class=\"wp-block-paragraph\">Fin<\/p>\n\n\n\n<p class=\"wp-block-paragraph\"><strong>EN QUELQUES MOTS<\/strong> :<\/p>\n\n\n\n<p class=\"wp-block-paragraph\">A travers tous vos sens&#8230;votre essence, votre nature.<\/p>\n\n\n\n<p class=\"wp-block-paragraph\">Une approche extraordinaire qui peut transformer votre pratique et enrichir votre r\u00e9pertoire de comp\u00e9tences.<\/p>\n\n\n\n<p class=\"wp-block-paragraph\">Durant une s\u00e9rie de 10 cours pour apprendre \u00e0 g\u00e9rer diff\u00e9rents conflits . Avec des pistes, des outils pratiques simples et efficaces \u00e0 la port\u00e9e de tous.<\/p>\n\n\n\n<p class=\"wp-block-paragraph\">Les cours sont articul\u00e9s autour d&rsquo;une communication profonde avec soi afin d&rsquo;\u00eatre clair, affirm\u00e9 et avoir une vie choisie.<\/p>\n\n\n\n<p class=\"wp-block-paragraph\">Comment je choisis ma journ\u00e9e<\/p>\n\n\n\n<p class=\"wp-block-paragraph\">Comment je pose mon regard sur ce qui me s\u00e9pare de l&rsquo;autre<\/p>\n\n\n\n<p class=\"wp-block-paragraph\">Comment je remplis mes manques<\/p>\n\n\n\n<p class=\"wp-block-paragraph\">Comment je vais vers l&rsquo;autre<\/p>\n\n\n\n<p class=\"wp-block-paragraph\">Comment respecter mes propres besoins<\/p>\n\n\n\n<p class=\"wp-block-paragraph\">Comment je participe aux bont\u00e9s<\/p>\n\n\n\n<p class=\"wp-block-paragraph\">Comment j&rsquo;int\u00e8gre des nouvelles solutions possibles<\/p>\n\n\n\n<p class=\"wp-block-paragraph\">Comment \u00eatre guid\u00e9 par mes valeurs<\/p>\n\n\n\n<p class=\"wp-block-paragraph\">Comment prendre mes responsabilit\u00e9s<\/p>\n\n\n\n<p class=\"wp-block-paragraph\">Comment faire de mes singularit\u00e9s une force et un pont entre moi et les autres.<\/p>\n\n\n\n<p class=\"wp-block-paragraph\"><\/p>\n\n\n\n<p class=\"wp-block-paragraph\"><strong>BUT <\/strong>:  ETRE QUI VOUS ETES.<\/p>\n\n\n\n<p class=\"wp-block-paragraph\"><\/p>\n\n\n\n<p class=\"wp-block-paragraph\"><\/p>\n\n\n\n<p class=\"wp-block-paragraph\"><\/p>\n\n\n\n<h2 class=\"wp-block-heading\"><\/h2>\n\n\n\n<figure class=\"wp-block-gallery has-nested-images columns-default is-cropped wp-block-gallery-2 is-layout-flex wp-block-gallery-is-layout-flex\">\n<figure class=\"wp-block-image size-full\"><img loading=\"lazy\" decoding=\"async\" width=\"670\" height=\"626\" data-id=\"232\" src=\"https:\/\/harmonie-le-bien-etre.ch\/wp-content\/uploads\/2025\/08\/esprit-2.jpg\" alt=\"\" class=\"wp-image-232\" srcset=\"https:\/\/harmonie-le-bien-etre.ch\/wp-content\/uploads\/2025\/08\/esprit-2.jpg 670w, https:\/\/harmonie-le-bien-etre.ch\/wp-content\/uploads\/2025\/08\/esprit-2-300x280.jpg 300w\" sizes=\"auto, (max-width: 670px) 100vw, 670px\" \/><\/figure>\n<\/figure>\n\n\n\n<p class=\"wp-block-paragraph\"><\/p>\n\n\n\n<p class=\"wp-block-paragraph\"><\/p>\n\n\n\n<p class=\"wp-block-paragraph\"><\/p>\n\n\n\n<p class=\"wp-block-paragraph\"><\/p>\n\n\n\n<div class=\"wp-block-group alignwide has-global-padding is-layout-constrained wp-block-group-is-layout-constrained\">\n<p class=\"wp-block-paragraph\">Patricia Derivaz<\/p>\n\n\n\n<p class=\"wp-block-paragraph\">Harmonie&#8230;..le bien \u00eatre du Corps, de l&rsquo;Esprit et des Pens\u00e9es<\/p>\n<\/div>\n\n\n\n<p class=\"wp-block-paragraph\">Chemin du Culat 15       1897 Le Bouveret ( VS ) suisse<\/p>\n\n\n\n<ul class=\"wp-block-social-links is-layout-flex wp-block-social-links-is-layout-flex\"><li class=\"wp-social-link wp-social-link-youtube wp-block-social-link\"><a href=\"https:\/\/www.youtube.com\/channel\/UCGqqtRWvxBMv2UIomhXhNnw\" class=\"wp-block-social-link-anchor\"><svg width=\"24\" height=\"24\" viewBox=\"0 0 24 24\" version=\"1.1\" xmlns=\"http:\/\/www.w3.org\/2000\/svg\" aria-hidden=\"true\" focusable=\"false\"><path d=\"M21.8,8.001c0,0-0.195-1.378-0.795-1.985c-0.76-0.797-1.613-0.801-2.004-0.847c-2.799-0.202-6.997-0.202-6.997-0.202 h-0.009c0,0-4.198,0-6.997,0.202C4.608,5.216,3.756,5.22,2.995,6.016C2.395,6.623,2.2,8.001,2.2,8.001S2,9.62,2,11.238v1.517 c0,1.618,0.2,3.237,0.2,3.237s0.195,1.378,0.795,1.985c0.761,0.797,1.76,0.771,2.205,0.855c1.6,0.153,6.8,0.201,6.8,0.201 s4.203-0.006,7.001-0.209c0.391-0.047,1.243-0.051,2.004-0.847c0.6-0.607,0.795-1.985,0.795-1.985s0.2-1.618,0.2-3.237v-1.517 C22,9.62,21.8,8.001,21.8,8.001z M9.935,14.594l-0.001-5.62l5.404,2.82L9.935,14.594z\"><\/path><\/svg><span class=\"wp-block-social-link-label screen-reader-text\">YouTube<\/span><\/a><\/li><\/ul>\n\n\n\n<p class=\"wp-block-paragraph\">Contactez-moi pour en savoir plus ou pour r\u00e9server un soin.<\/p>\n\n\n\n<p class=\"wp-block-paragraph\">Je suis impatiente de vous guider dans votre qu\u00eate de bien-\u00eatre, d&rsquo;harmonie et de vitalit\u00e9.<\/p>\n\n\n\n<p class=\"wp-block-paragraph\">Tarif horaire consultation priv\u00e9e 60 minutes 100.- Agr\u00e9e ASCA pour les prestations suivantes 205 Massage classique \/ 219 Reiki \/ 225 Touch for Health . Veuillez v\u00e9rifier chez votre prestataire d&rsquo;assurance  avant de venir au rendez-vous. Dans le cas d&rsquo;un non remboursement vous b\u00e9n\u00e9ficiez d&rsquo;une  r\u00e9duction sur la consultation. Payement de pr\u00e9f\u00e9rence en cash ou Twint<\/p>\n","protected":false},"excerpt":{"rendered":"<p>CONSTELLATION FAMILIALE Avec Patricia Derivaz les derniers Samedis du mois de 9h \u00e0 17h CLIENTS 100.- 6 PLACES SUR RESERVATIONS REPRESENTANT 60.- 4 PLACES SUR RESERVATIONS 31 janvier 28 f\u00e9vrier 28 mars 25 avril 30 mai 27 juin 25 juillet 26 septembre 31 octobre 28 novembre METHODE FELDENKRAIS Avec Marion Mordasini les Dimanches de 10h [&hellip;]<\/p>\n","protected":false},"author":1,"featured_media":0,"parent":0,"menu_order":0,"comment_status":"closed","ping_status":"closed","template":"","meta":{"footnotes":""},"class_list":["post-54","page","type-page","status-publish","hentry"],"_links":{"self":[{"href":"https:\/\/harmonie-le-bien-etre.ch\/index.php\/wp-json\/wp\/v2\/pages\/54","targetHints":{"allow":["GET"]}}],"collection":[{"href":"https:\/\/harmonie-le-bien-etre.ch\/index.php\/wp-json\/wp\/v2\/pages"}],"about":[{"href":"https:\/\/harmonie-le-bien-etre.ch\/index.php\/wp-json\/wp\/v2\/types\/page"}],"author":[{"embeddable":true,"href":"https:\/\/harmonie-le-bien-etre.ch\/index.php\/wp-json\/wp\/v2\/users\/1"}],"replies":[{"embeddable":true,"href":"https:\/\/harmonie-le-bien-etre.ch\/index.php\/wp-json\/wp\/v2\/comments?post=54"}],"version-history":[{"count":27,"href":"https:\/\/harmonie-le-bien-etre.ch\/index.php\/wp-json\/wp\/v2\/pages\/54\/revisions"}],"predecessor-version":[{"id":250,"href":"https:\/\/harmonie-le-bien-etre.ch\/index.php\/wp-json\/wp\/v2\/pages\/54\/revisions\/250"}],"wp:attachment":[{"href":"https:\/\/harmonie-le-bien-etre.ch\/index.php\/wp-json\/wp\/v2\/media?parent=54"}],"curies":[{"name":"wp","href":"https:\/\/api.w.org\/{rel}","templated":true}]}}