{"id":81,"date":"2023-12-15T16:47:22","date_gmt":"2023-12-15T16:47:22","guid":{"rendered":"https:\/\/harmonie-le-bien-etre.ch\/?page_id=81"},"modified":"2026-01-27T12:45:29","modified_gmt":"2026-01-27T12:45:29","slug":"bio","status":"publish","type":"page","link":"https:\/\/harmonie-le-bien-etre.ch\/index.php\/bio\/","title":{"rendered":"PATRICIA"},"content":{"rendered":"\n<figure class=\"wp-block-image size-large\"><img loading=\"lazy\" decoding=\"async\" width=\"768\" height=\"1024\" src=\"https:\/\/harmonie-le-bien-etre.ch\/wp-content\/uploads\/2023\/12\/IMG_20210626_100333-768x1024.jpg\" alt=\"\" class=\"wp-image-20\" srcset=\"https:\/\/harmonie-le-bien-etre.ch\/wp-content\/uploads\/2023\/12\/IMG_20210626_100333-768x1024.jpg 768w, https:\/\/harmonie-le-bien-etre.ch\/wp-content\/uploads\/2023\/12\/IMG_20210626_100333-225x300.jpg 225w, https:\/\/harmonie-le-bien-etre.ch\/wp-content\/uploads\/2023\/12\/IMG_20210626_100333-1152x1536.jpg 1152w, https:\/\/harmonie-le-bien-etre.ch\/wp-content\/uploads\/2023\/12\/IMG_20210626_100333-1536x2048.jpg 1536w, https:\/\/harmonie-le-bien-etre.ch\/wp-content\/uploads\/2023\/12\/IMG_20210626_100333-scaled.jpg 1920w\" sizes=\"auto, (max-width: 768px) 100vw, 768px\" \/><\/figure>\n\n\n\n<p class=\"wp-block-paragraph\"><br><em>Enfant, mon r\u00eave \u00e9tait d\u2019apaiser la douleur\u2026<\/em><br>Amener la joie dans les moments de douleurs.<br>J\u2019avais le sentiment de devoir apprendre \u00e0 \u00eatre grande pour pouvoir y parvenir.<br>L\u2019observation de la for\u00eat, la terre, les animaux, me permettais et me permets de trouver des solutions.<br>Regarder sa situation comme un animal le ferait.<br>La nature m\u2019inspire une forme d\u2019hygi\u00e8ne spirituelle et philosophie de vie.<br><em>Jeune, il m\u2019\u00e9tait important que les personnes puissent vivre en harmonie chez elle, tout en revalorisant leurs besoins.<\/em> D\u2019o\u00f9 ma motivation \u00e0 devenir dessinatrice en b\u00e2timent.<br><em>De l\u00e0, mon int\u00e9r\u00eat pour l\u2019\u00e9cologie, les espaces verts et l\u2019acc\u00e8s \u00e0 tous se sont fait ressentir comme une \u00e9vidence. Aider les autres, les comprendre et leur permettre d\u2019aller plus loin <\/em>ont toujours \u00e9t\u00e9 pr\u00e9sent en moi. C\u2019est ce qui m\u2019a amen\u00e9 \u00e0 suivre une formation de Kin\u00e9siologie.<br>Sensible aux valeurs des autres, les valeurs communes, source de force, il \u00e9tait essentiel de comprendre ce qui anime :<br><br>Les pens\u00e9es<br>Guider la personne \u00e0 travers ses chemins de pens\u00e9es, sont l\u2019une de mes motivations premi\u00e8res. Au moyen des soins Reiki et l\u2019hypnose, lui permettre d\u2019entrer dans un nouveau paradigme.<br><br>Le corps<br>Le travail bio\u00e9nerg\u00e9tique, les massages, les besoins physiologiques aident la personne \u00e0 se sentir mieux dans son corps, de trouver son bien-\u00eatre et une amplitude de mouvements.<br><br>Les \u00e9motions<br>C\u2019est ce qui nous anime, ce sont nos capteurs sensoriels, la traduction de ce que l\u2019on en fait par rapport \u00e0 un v\u00e9cu. Avec les Fleurs de Bach, la chromoth\u00e9rapie, et l\u2019\u00e9quilibrage des m\u00e9ridiens, on va accueillir le ressenti comme autant d\u2019informations pour mieux nous comprendre et pouvoir agir librement.<\/p>\n\n\n\n<p class=\"wp-block-paragraph\"><br><\/p>\n\n\n\n<p class=\"wp-block-paragraph\">Corps, pens\u00e9es, \u00e9motions<br>La constellation familiale permet de faire le lien entre ces trois \u00e9l\u00e9ments qui sont les pens\u00e9es, le corps, les \u00e9motions ainsi que son environnement. Cr\u00e9er la paix et l\u2019\u00e9quilibre en soi pour \u00eatre et faire de son quotidien avec les autres des moments d\u2019harmonie et de bien-\u00eatre. Permettre \u00e0 l\u2019\u00e9nergie vitale de retrouver sa place.<\/p>\n\n\n\n<p class=\"wp-block-paragraph\">Toutes les techniques utilis\u00e9es sont un moyen de r\u00e9duire l\u2019impact de l\u2019humain sur notre \u00e9cosyst\u00e8me.<\/p>\n\n\n\n<p class=\"wp-block-paragraph\"><br><br>J\u2019ai \u00e0 c\u0153ur de r\u00e9pondre \u00e0 vos questions et vous accueillir dans mon espace Harmonie<\/p>\n\n\n\n<p class=\"wp-block-paragraph\"><\/p>\n\n\n\n<p class=\"wp-block-paragraph\"><\/p>\n\n\n\n<figure class=\"wp-block-image size-large\"><img loading=\"lazy\" decoding=\"async\" width=\"1024\" height=\"576\" src=\"https:\/\/harmonie-le-bien-etre.ch\/wp-content\/uploads\/2024\/12\/IMG-20220214-WA0014-1024x576.jpeg\" alt=\"\" class=\"wp-image-195\" srcset=\"https:\/\/harmonie-le-bien-etre.ch\/wp-content\/uploads\/2024\/12\/IMG-20220214-WA0014-1024x576.jpeg 1024w, https:\/\/harmonie-le-bien-etre.ch\/wp-content\/uploads\/2024\/12\/IMG-20220214-WA0014-300x169.jpeg 300w, https:\/\/harmonie-le-bien-etre.ch\/wp-content\/uploads\/2024\/12\/IMG-20220214-WA0014-768x432.jpeg 768w, https:\/\/harmonie-le-bien-etre.ch\/wp-content\/uploads\/2024\/12\/IMG-20220214-WA0014-1536x864.jpeg 1536w, https:\/\/harmonie-le-bien-etre.ch\/wp-content\/uploads\/2024\/12\/IMG-20220214-WA0014-2048x1152.jpeg 2048w\" sizes=\"auto, (max-width: 1024px) 100vw, 1024px\" \/><\/figure>\n\n\n\n<h2 class=\"wp-block-heading\">ETRE DANS LE FAIRE<\/h2>\n\n\n\n<p class=\"wp-block-paragraph\"><strong>Marcher<\/strong> seule, accompagn\u00e9e, avec mon chien, au bord de l&rsquo;eau, en montagne, dans mon jardin, lentement, rapidement, quelques minutes , sur plusieurs jours, \u00e0 pieds nus , en chaussure.<\/p>\n\n\n\n<p class=\"wp-block-paragraph\"><strong>Partager<\/strong> de l&rsquo;insolite, des savoirs, des doutes, des regards, des sourires, son espace-temps avec l&rsquo;autre, son repas, sa pomme d&rsquo;amour.<\/p>\n\n\n\n<p class=\"wp-block-paragraph\"><strong>Manger<\/strong> vite, lentement, goulument, chez moi, chez l&rsquo;autre, des yeux, ensemble, de tout ou presque.<\/p>\n\n\n\n<p class=\"wp-block-paragraph\"><strong>S&rsquo;\u00e9merveiller<\/strong> de la fraicheur du matin, d&rsquo;un arc en ciel, du rire d&rsquo;un passant, du sourire de l&rsquo;autre, de mon reflet , de la nuit qui reviens encore, du jour qui se pointe, de l&rsquo;eau du robinet, d&rsquo;un bisou sur ma joue, de la nature de l&rsquo;homme, de l&rsquo;homme et sa nature, d&rsquo;un son, d&rsquo;un souvenir.<\/p>\n\n\n\n<p class=\"wp-block-paragraph\"><strong>Dormir <\/strong>dans un lit douillet, \u00e0 point ferm\u00e9, au coin du feu, en pleine nature, pour reprendre des forces, pour r\u00eaver.<\/p>\n\n\n\n<p class=\"wp-block-paragraph\"><strong>Cr\u00e9er <\/strong>des histoires, des po\u00e8mes, des objets, un site, des habits, des moments paisibles dans les tourments, des danses, des mouvements gu\u00e9risseurs, des sons, des mots d&rsquo;amours, des liens avec soi et les autres, des rires, de la joie.<\/p>\n\n\n\n<p class=\"wp-block-paragraph\"><strong>Valoriser<\/strong> la libert\u00e9, l&rsquo;amour, la contribution, la d\u00e9couverte, la famille, l&rsquo;harmonie, la joie, l&rsquo;autre, l&rsquo;aventure qu&rsquo;est la vie, la transformation<\/p>\n\n\n\n<p class=\"wp-block-paragraph\"><strong>Faire<\/strong> des amis, de mon mieux, ce qu&rsquo;il y a \u00e0 faire, avec ce qui se pr\u00e9sente sur mon chemin, et d\u00e9faire.<\/p>\n\n\n\n<p class=\"wp-block-paragraph\"><\/p>\n\n\n\n<p class=\"wp-block-paragraph\"><\/p>\n\n\n\n<p class=\"wp-block-paragraph\"><\/p>\n\n\n\n<figure class=\"wp-block-image size-large\"><img loading=\"lazy\" decoding=\"async\" width=\"1024\" height=\"578\" src=\"https:\/\/harmonie-le-bien-etre.ch\/wp-content\/uploads\/2023\/12\/20210729_161838-1024x578.jpg\" alt=\"\" class=\"wp-image-17\" srcset=\"https:\/\/harmonie-le-bien-etre.ch\/wp-content\/uploads\/2023\/12\/20210729_161838-1024x578.jpg 1024w, https:\/\/harmonie-le-bien-etre.ch\/wp-content\/uploads\/2023\/12\/20210729_161838-300x169.jpg 300w, https:\/\/harmonie-le-bien-etre.ch\/wp-content\/uploads\/2023\/12\/20210729_161838-768x433.jpg 768w, https:\/\/harmonie-le-bien-etre.ch\/wp-content\/uploads\/2023\/12\/20210729_161838-1536x866.jpg 1536w, https:\/\/harmonie-le-bien-etre.ch\/wp-content\/uploads\/2023\/12\/20210729_161838-2048x1155.jpg 2048w\" sizes=\"auto, (max-width: 1024px) 100vw, 1024px\" \/><\/figure>\n\n\n\n<h2 class=\"wp-block-heading\">FORMATIONS<\/h2>\n\n\n\n<p class=\"wp-block-paragraph\">AVOIR UN REGARD PORTE SUR DU NOUVEAU, DE L&rsquo;INCONNU, ET M&rsquo;EMERVEILLER<\/p>\n\n\n\n<p class=\"wp-block-paragraph\"><strong><a>2005<\/a> et \u00e0 ce jour :  Praticienne en m\u00e9decine compl\u00e9mentaire agr\u00e9e ASCA <\/strong><\/p>\n\n\n\n<p class=\"wp-block-paragraph\"><em>Anatomie, physiologie et pathologie<\/em><\/p>\n\n\n\n<p class=\"wp-block-paragraph\"><em>Apprendre, d\u00e9veloppement, personnalit\u00e9, les troubles psychologiques.<\/em><\/p>\n\n\n\n<p class=\"wp-block-paragraph\"><em>Travail corporel bio\u00e9nerg\u00e9tique et dynamiques corporelles<\/em><\/p>\n\n\n\n<p class=\"wp-block-paragraph\"><em>Sant\u00e9 par le toucher. Kin\u00e9siologie<\/em><\/p>\n\n\n\n<p class=\"wp-block-paragraph\"><em>Massage classique et APK  points g\u00e2chettes et Gua Sha et massage du c\u00f4lon <\/em><\/p>\n\n\n\n<p class=\"wp-block-paragraph\"><em>Constellation familial et d\u2019entreprise, la syst\u00e9mique selon Bert Hellinger.<\/em><\/p>\n\n\n\n<p class=\"wp-block-paragraph\"><em>Maitre REIKI <\/em><\/p>\n\n\n\n<p class=\"wp-block-paragraph\"><em>Les 5 engagements \u00e0 la pleine conscience<\/em><\/p>\n\n\n\n<p class=\"wp-block-paragraph\"><em>Le pardon gu\u00e9risseur<\/em><\/p>\n\n\n\n<p class=\"wp-block-paragraph\"><em>Holo\u00e9nerg\u00e9tic<\/em>  <\/p>\n\n\n\n<p class=\"wp-block-paragraph\"><em>EFT technique de lib\u00e9ration \u00e9motionnelle<\/em><\/p>\n\n\n\n<p class=\"wp-block-paragraph\"><em>3D hypnose<\/em><\/p>\n\n\n\n<p class=\"wp-block-paragraph\"><em>Urgence chez les petits enfants.<\/em><\/p>\n\n\n\n<p class=\"wp-block-paragraph\"><em>Alimentation sensorielle.<\/em><\/p>\n\n\n\n<p class=\"wp-block-paragraph\"><em>Fleurs de Bach .<\/em><\/p>\n\n\n\n<p class=\"wp-block-paragraph\"><em>Hypnose et m\u00e9ditation<\/em><\/p>\n\n\n\n<p class=\"wp-block-paragraph\"><strong>2022    CFC Assistante socio-\u00e9ducative<\/strong><\/p>\n\n\n\n<p class=\"wp-block-paragraph\">Incluant la pratique au sein d&rsquo;une cr\u00e8che.<\/p>\n\n\n\n<p class=\"wp-block-paragraph\"><strong>2019<\/strong>    <strong>Auxiliaire<\/strong> <strong>Croix-Rouge<\/strong><\/p>\n\n\n\n<p class=\"wp-block-paragraph\">Certificat d\u2019accompagnement de personne en fin de vie.<\/p>\n\n\n\n<p class=\"wp-block-paragraph\"><strong>2010    Auxiliaire<\/strong> <strong>Croix-Rouge<\/strong><\/p>\n\n\n\n<p class=\"wp-block-paragraph\">Incluant la pratique au sein d&rsquo;une institution pour personnes polyhandicap\u00e9es<\/p>\n\n\n\n<p class=\"wp-block-paragraph\"><strong>1987<\/strong>    <strong>CFC Dessinatrice en b\u00e2timent<\/strong><\/p>\n\n\n\n<p class=\"wp-block-paragraph\">Apprentissage de 4 ans incluant une ann\u00e9e, de cours techniques, pr\u00e9paratoire pour l\u2019\u00e9cole technique. Suivit par cheffe de chantier, architecte ind\u00e9pendante.<\/p>\n\n\n\n<p class=\"wp-block-paragraph\"><\/p>\n\n\n\n<p class=\"wp-block-paragraph\"><\/p>\n\n\n\n<p class=\"wp-block-paragraph\"><\/p>\n\n\n\n<p class=\"wp-block-paragraph\"><\/p>\n\n\n\n<p class=\"wp-block-paragraph\"><\/p>\n\n\n\n<div class=\"wp-block-group alignwide has-global-padding is-layout-constrained wp-block-group-is-layout-constrained\">\n<p class=\"wp-block-paragraph\">Patricia Derivaz<\/p>\n\n\n\n<p class=\"wp-block-paragraph\">Harmonie&#8230;..le bien \u00eatre du Corps, de l&rsquo;Esprit et des Pens\u00e9es<\/p>\n<\/div>\n\n\n\n<p class=\"wp-block-paragraph\">Chemin du Culat 15       1897 Le Bouveret ( VS ) suisse<\/p>\n\n\n\n<p class=\"wp-block-paragraph\">077\/403.45.89<\/p>\n\n\n\n<ul class=\"wp-block-social-links is-layout-flex wp-block-social-links-is-layout-flex\"><li class=\"wp-social-link wp-social-link-youtube wp-block-social-link\"><a href=\"https:\/\/www.youtube.com\/channel\/UCGqqtRWvxBMv2UIomhXhNnw\" class=\"wp-block-social-link-anchor\"><svg width=\"24\" height=\"24\" viewBox=\"0 0 24 24\" version=\"1.1\" xmlns=\"http:\/\/www.w3.org\/2000\/svg\" aria-hidden=\"true\" focusable=\"false\"><path d=\"M21.8,8.001c0,0-0.195-1.378-0.795-1.985c-0.76-0.797-1.613-0.801-2.004-0.847c-2.799-0.202-6.997-0.202-6.997-0.202 h-0.009c0,0-4.198,0-6.997,0.202C4.608,5.216,3.756,5.22,2.995,6.016C2.395,6.623,2.2,8.001,2.2,8.001S2,9.62,2,11.238v1.517 c0,1.618,0.2,3.237,0.2,3.237s0.195,1.378,0.795,1.985c0.761,0.797,1.76,0.771,2.205,0.855c1.6,0.153,6.8,0.201,6.8,0.201 s4.203-0.006,7.001-0.209c0.391-0.047,1.243-0.051,2.004-0.847c0.6-0.607,0.795-1.985,0.795-1.985s0.2-1.618,0.2-3.237v-1.517 C22,9.62,21.8,8.001,21.8,8.001z M9.935,14.594l-0.001-5.62l5.404,2.82L9.935,14.594z\"><\/path><\/svg><span class=\"wp-block-social-link-label screen-reader-text\">YouTube<\/span><\/a><\/li><\/ul>\n\n\n\n<p class=\"wp-block-paragraph\">Contactez-moi pour en savoir plus ou pour r\u00e9server un soin.<\/p>\n\n\n\n<p class=\"wp-block-paragraph\">Je suis impatiente de vous guider dans votre qu\u00eate de bien-\u00eatre, d&rsquo;harmonie et de vitalit\u00e9.<\/p>\n\n\n\n<p class=\"wp-block-paragraph\">Tarif horaire consultation priv\u00e9e 60 minutes 100.- Agr\u00e9e ASCA pour les prestations suivantes 205 Massage classique \/ 219 Reiki \/ 225 Touch for Health . Veuillez v\u00e9rifier chez votre prestataire d&rsquo;assurance  avant de venir au rendez-vous. Dans le cas d&rsquo;un non remboursement vous b\u00e9n\u00e9ficiez d&rsquo;une  r\u00e9duction sur la consultation. Payement de pr\u00e9f\u00e9rence en cash ou Twint<\/p>\n","protected":false},"excerpt":{"rendered":"<p>Enfant, mon r\u00eave \u00e9tait d\u2019apaiser la douleur\u2026Amener la joie dans les moments de douleurs.J\u2019avais le sentiment de devoir apprendre \u00e0 \u00eatre grande pour pouvoir y parvenir.L\u2019observation de la for\u00eat, la terre, les animaux, me permettais et me permets de trouver des solutions.Regarder sa situation comme un animal le ferait.La nature m\u2019inspire une forme d\u2019hygi\u00e8ne spirituelle [&hellip;]<\/p>\n","protected":false},"author":1,"featured_media":0,"parent":0,"menu_order":0,"comment_status":"closed","ping_status":"closed","template":"","meta":{"footnotes":""},"class_list":["post-81","page","type-page","status-publish","hentry"],"_links":{"self":[{"href":"https:\/\/harmonie-le-bien-etre.ch\/index.php\/wp-json\/wp\/v2\/pages\/81","targetHints":{"allow":["GET"]}}],"collection":[{"href":"https:\/\/harmonie-le-bien-etre.ch\/index.php\/wp-json\/wp\/v2\/pages"}],"about":[{"href":"https:\/\/harmonie-le-bien-etre.ch\/index.php\/wp-json\/wp\/v2\/types\/page"}],"author":[{"embeddable":true,"href":"https:\/\/harmonie-le-bien-etre.ch\/index.php\/wp-json\/wp\/v2\/users\/1"}],"replies":[{"embeddable":true,"href":"https:\/\/harmonie-le-bien-etre.ch\/index.php\/wp-json\/wp\/v2\/comments?post=81"}],"version-history":[{"count":24,"href":"https:\/\/harmonie-le-bien-etre.ch\/index.php\/wp-json\/wp\/v2\/pages\/81\/revisions"}],"predecessor-version":[{"id":243,"href":"https:\/\/harmonie-le-bien-etre.ch\/index.php\/wp-json\/wp\/v2\/pages\/81\/revisions\/243"}],"wp:attachment":[{"href":"https:\/\/harmonie-le-bien-etre.ch\/index.php\/wp-json\/wp\/v2\/media?parent=81"}],"curies":[{"name":"wp","href":"https:\/\/api.w.org\/{rel}","templated":true}]}}